{"id":17,"date":"2024-02-20T19:44:43","date_gmt":"2024-02-20T18:44:43","guid":{"rendered":"https:\/\/ofcj.org\/?page_id=17"},"modified":"2024-02-20T20:54:54","modified_gmt":"2024-02-20T19:54:54","slug":"accueil","status":"publish","type":"page","link":"https:\/\/ofcj.org\/","title":{"rendered":"Accueil"},"content":{"rendered":"<p>[et_pb_section fb_built=\u00a0\u00bb1&Prime; fullwidth=\u00a0\u00bbon\u00a0\u00bb next_background_color=\u00a0\u00bb#ffffff\u00a0\u00bb admin_label=\u00a0\u00bbHeader Section\u00a0\u00bb _builder_version=\u00a0\u00bb4.24.1&Prime; background_color=\u00a0\u00bb#000000&Prime; bottom_divider_style=\u00a0\u00bbramp\u00a0\u00bb bottom_divider_flip=\u00a0\u00bbhorizontal\u00a0\u00bb hover_enabled=\u00a0\u00bb0&Prime; global_colors_info=\u00a0\u00bb{}\u00a0\u00bb sticky_enabled=\u00a0\u00bb0&Prime;][et_pb_fullwidth_header title=\u00a0\u00bbAssociation \u00e0 dimension solidaire\u00a0\u00bb subhead=\u00a0\u00bbOffice Franco-Cubain pour la jeunesse \u00a0\u00bb button_one_text=\u00a0\u00bbDevenir Membre \u00a0\u00bb content_max_width=\u00a0\u00bb640px\u00a0\u00bb _builder_version=\u00a0\u00bb4.24.1&Prime; title_font=\u00a0\u00bbOswald|||on|||||\u00a0\u00bb title_font_size=\u00a0\u00bb20px\u00a0\u00bb title_letter_spacing=\u00a0\u00bb3px\u00a0\u00bb title_line_height=\u00a0\u00bb1.5em\u00a0\u00bb content_font=\u00a0\u00bbLora||||||||\u00a0\u00bb content_font_size=\u00a0\u00bb22px\u00a0\u00bb content_line_height=\u00a0\u00bb2em\u00a0\u00bb subhead_font=\u00a0\u00bbLora|700|||||||\u00a0\u00bb subhead_font_size=\u00a0\u00bb80px\u00a0\u00bb subhead_line_height=\u00a0\u00bb1.5em\u00a0\u00bb background_color=\u00a0\u00bbrgba(255,255,255,0)\u00a0\u00bb background_image=\u00a0\u00bbhttp:\/\/ofcj.org\/wp-content\/uploads\/2024\/02\/jovenes_cubanos.jpg\u00a0\u00bb parallax=\u00a0\u00bbon\u00a0\u00bb parallax_method=\u00a0\u00bbon\u00a0\u00bb custom_button_one=\u00a0\u00bbon\u00a0\u00bb button_one_text_size=\u00a0\u00bb16px\u00a0\u00bb button_one_text_color=\u00a0\u00bb#ffffff\u00a0\u00bb button_one_bg_color=\u00a0\u00bb#353383&Prime; button_one_border_width=\u00a0\u00bb15px\u00a0\u00bb button_one_border_color=\u00a0\u00bbrgba(210,159,104,0)\u00a0\u00bb button_one_border_radius=\u00a0\u00bb100px\u00a0\u00bb button_one_letter_spacing=\u00a0\u00bb3px\u00a0\u00bb button_one_font=\u00a0\u00bbOswald|||on|||||\u00a0\u00bb button_one_use_icon=\u00a0\u00bboff\u00a0\u00bb custom_button_two=\u00a0\u00bbon\u00a0\u00bb button_two_text_size=\u00a0\u00bb16px\u00a0\u00bb button_two_text_color=\u00a0\u00bb#ffffff\u00a0\u00bb button_two_bg_color=\u00a0\u00bbrgba(255,255,255,0.35)\u00a0\u00bb button_two_border_width=\u00a0\u00bb15px\u00a0\u00bb button_two_border_color=\u00a0\u00bbrgba(0,0,0,0)\u00a0\u00bb button_two_border_radius=\u00a0\u00bb100px\u00a0\u00bb button_two_letter_spacing=\u00a0\u00bb3px\u00a0\u00bb button_two_font=\u00a0\u00bbOswald|||on|||||\u00a0\u00bb button_two_use_icon=\u00a0\u00bboff\u00a0\u00bb custom_margin=\u00a0\u00bb|||\u00a0\u00bb custom_padding=\u00a0\u00bb0vw||0vw||true|\u00a0\u00bb animation_style=\u00a0\u00bbzoom\u00a0\u00bb animation_duration=\u00a0\u00bb2000ms\u00a0\u00bb animation_intensity_zoom=\u00a0\u00bb4%\u00a0\u00bb hover_enabled=\u00a0\u00bb0&Prime; subhead_font_size_tablet=\u00a0\u00bb80px\u00a0\u00bb subhead_font_size_phone=\u00a0\u00bb50px\u00a0\u00bb subhead_font_size_last_edited=\u00a0\u00bbon|desktop\u00a0\u00bb button_one_border_radius_hover=\u00a0\u00bb100px\u00a0\u00bb button_one_bg_color_hover=\u00a0\u00bb#cc8d66&Prime; button_two_bg_color_hover=\u00a0\u00bb#d29f68&Prime; global_colors_info=\u00a0\u00bb{}\u00a0\u00bb button_one_text_size__hover_enabled=\u00a0\u00bboff\u00a0\u00bb button_two_text_size__hover_enabled=\u00a0\u00bboff\u00a0\u00bb button_one_text_color__hover_enabled=\u00a0\u00bboff\u00a0\u00bb button_two_text_color__hover_enabled=\u00a0\u00bboff\u00a0\u00bb button_one_border_width__hover_enabled=\u00a0\u00bboff\u00a0\u00bb button_two_border_width__hover_enabled=\u00a0\u00bboff\u00a0\u00bb button_one_border_color__hover_enabled=\u00a0\u00bboff\u00a0\u00bb button_two_border_color__hover_enabled=\u00a0\u00bboff\u00a0\u00bb button_one_border_radius__hover_enabled=\u00a0\u00bbon\u00a0\u00bb button_one_border_radius__hover=\u00a0\u00bb100px\u00a0\u00bb button_two_border_radius__hover_enabled=\u00a0\u00bboff\u00a0\u00bb button_one_letter_spacing__hover_enabled=\u00a0\u00bboff\u00a0\u00bb button_two_letter_spacing__hover_enabled=\u00a0\u00bboff\u00a0\u00bb button_one_bg_color__hover_enabled=\u00a0\u00bbon\u00a0\u00bb button_one_bg_color__hover=\u00a0\u00bb#cc8d66&Prime; button_two_bg_color__hover_enabled=\u00a0\u00bbon\u00a0\u00bb button_two_bg_color__hover=\u00a0\u00bb#d29f68&Prime; button_one_url=\u00a0\u00bbhttps:\/\/tally.so\/r\/woM0QM\u00a0\u00bb sticky_enabled=\u00a0\u00bb0&Prime;]<\/p>\n<p>Rejoignez l&rsquo;OFCJ : Ensemble, tissons des liens durables entre la jeunesse fran\u00e7aise et cubaine pour un avenir commun riche en \u00e9changes et en solidarit\u00e9.<\/p>\n<p>&nbsp;<\/p>\n<p>[\/et_pb_fullwidth_header][\/et_pb_section][et_pb_section fb_built=\u00a0\u00bb1&Prime; admin_label=\u00a0\u00bbAbout Section\u00a0\u00bb _builder_version=\u00a0\u00bb4.16&Prime; background_color=\u00a0\u00bb#ffffff\u00a0\u00bb custom_padding=\u00a0\u00bb80px|0px|80px|0px|true|false\u00a0\u00bb global_colors_info=\u00a0\u00bb{}\u00a0\u00bb][et_pb_row _builder_version=\u00a0\u00bb4.16&Prime; global_colors_info=\u00a0\u00bb{}\u00a0\u00bb][et_pb_column type=\u00a0\u00bb4_4&Prime; _builder_version=\u00a0\u00bb4.16&Prime; custom_padding=\u00a0\u00bb|||\u00a0\u00bb global_colors_info=\u00a0\u00bb{}\u00a0\u00bb custom_padding__hover=\u00a0\u00bb|||\u00a0\u00bb][et_pb_text _builder_version=\u00a0\u00bb4.16&Prime; text_font=\u00a0\u00bb||||||||\u00a0\u00bb header_font=\u00a0\u00bb||||||||\u00a0\u00bb header_2_font=\u00a0\u00bbLora|700|||||||\u00a0\u00bb header_2_font_size=\u00a0\u00bb50px\u00a0\u00bb header_2_line_height=\u00a0\u00bb1.5em\u00a0\u00bb header_5_font=\u00a0\u00bbOswald|||on|||||\u00a0\u00bb header_5_text_color=\u00a0\u00bbrgba(0,0,0,0.4)\u00a0\u00bb header_5_font_size=\u00a0\u00bb20px\u00a0\u00bb header_5_letter_spacing=\u00a0\u00bb3px\u00a0\u00bb text_orientation=\u00a0\u00bbcenter\u00a0\u00bb max_width=\u00a0\u00bb600px\u00a0\u00bb module_alignment=\u00a0\u00bbcenter\u00a0\u00bb text_line_height_last_edited=\u00a0\u00bboff|desktop\u00a0\u00bb global_colors_info=\u00a0\u00bb{}\u00a0\u00bb]<\/p>\n<h5>S&rsquo;engager\u00a0<\/h5>\n<h2>Qui sommes-nous ?\u00a0<\/h2>\n<p>[\/et_pb_text][\/et_pb_column][\/et_pb_row][et_pb_row column_structure=\u00a0\u00bb1_2,1_2&Prime; _builder_version=\u00a0\u00bb4.16&Prime; global_colors_info=\u00a0\u00bb{}\u00a0\u00bb][et_pb_column type=\u00a0\u00bb1_2&Prime; _builder_version=\u00a0\u00bb4.16&Prime; custom_padding=\u00a0\u00bb|||\u00a0\u00bb global_colors_info=\u00a0\u00bb{}\u00a0\u00bb custom_padding__hover=\u00a0\u00bb|||\u00a0\u00bb][et_pb_text _builder_version=\u00a0\u00bb4.24.1&Prime; text_font=\u00a0\u00bbLora||||||||\u00a0\u00bb text_font_size=\u00a0\u00bb18px\u00a0\u00bb text_line_height=\u00a0\u00bb2em\u00a0\u00bb link_font=\u00a0\u00bb||||||||\u00a0\u00bb ul_font=\u00a0\u00bb||||||||\u00a0\u00bb ol_font=\u00a0\u00bb||||||||\u00a0\u00bb quote_font=\u00a0\u00bb||||||||\u00a0\u00bb header_font=\u00a0\u00bb||||||||\u00a0\u00bb header_2_font=\u00a0\u00bb||||||||\u00a0\u00bb header_3_font=\u00a0\u00bbOswald|||on|||||\u00a0\u00bb header_3_font_size=\u00a0\u00bb20px\u00a0\u00bb header_3_letter_spacing=\u00a0\u00bb3px\u00a0\u00bb header_3_line_height=\u00a0\u00bb1.5em\u00a0\u00bb header_4_font=\u00a0\u00bb||||||||\u00a0\u00bb max_width=\u00a0\u00bb600px\u00a0\u00bb text_line_height_last_edited=\u00a0\u00bboff|desktop\u00a0\u00bb global_colors_info=\u00a0\u00bb{}\u00a0\u00bb]<\/p>\n<h3>Notre volont\u00e9\u00a0<\/h3>\n<p>L&rsquo;Office Franco-Cubain pour la Jeunesse (OFCJ) est une association \u00e0 but non lucratif passionn\u00e9ment engag\u00e9e dans le renforcement des liens entre la France et Cuba, par et pour la jeunesse de nos deux nations. Notre volont\u00e9 est de construire des ponts culturels et \u00e9ducatifs, essentiels pour enrichir la compr\u00e9hension mutuelle et favoriser le partage de connaissances. En tant que jeune structure, tout reste \u00e0 construire chez l&rsquo;OFCJ, et nous accueillons \u00e0 bras ouverts toute forme de bonne volont\u00e9.<\/p>\n<p>[\/et_pb_text][\/et_pb_column][et_pb_column type=\u00a0\u00bb1_2&Prime; _builder_version=\u00a0\u00bb4.16&Prime; custom_padding=\u00a0\u00bb|||\u00a0\u00bb global_colors_info=\u00a0\u00bb{}\u00a0\u00bb custom_padding__hover=\u00a0\u00bb|||\u00a0\u00bb][et_pb_text _builder_version=\u00a0\u00bb4.24.1&Prime; text_font=\u00a0\u00bbLora||||||||\u00a0\u00bb text_font_size=\u00a0\u00bb18px\u00a0\u00bb text_line_height=\u00a0\u00bb2em\u00a0\u00bb link_font=\u00a0\u00bb||||||||\u00a0\u00bb ul_font=\u00a0\u00bb||||||||\u00a0\u00bb ol_font=\u00a0\u00bb||||||||\u00a0\u00bb quote_font=\u00a0\u00bb||||||||\u00a0\u00bb header_font=\u00a0\u00bb||||||||\u00a0\u00bb header_2_font=\u00a0\u00bb||||||||\u00a0\u00bb header_3_font=\u00a0\u00bbOswald|||on|||||\u00a0\u00bb header_3_font_size=\u00a0\u00bb20px\u00a0\u00bb header_3_letter_spacing=\u00a0\u00bb3px\u00a0\u00bb header_3_line_height=\u00a0\u00bb1.5em\u00a0\u00bb header_4_font=\u00a0\u00bb||||||||\u00a0\u00bb max_width=\u00a0\u00bb600px\u00a0\u00bb text_line_height_last_edited=\u00a0\u00bboff|desktop\u00a0\u00bb global_colors_info=\u00a0\u00bb{}\u00a0\u00bb]<\/p>\n<h3><span>nuestra voluntad<\/span><\/h3>\n<p><span>La Oficina Franco-Cubana para la Juventud (OFCJ) es una asociaci\u00f3n sin fines de lucro apasionadamente comprometida con el fortalecimiento de los lazos entre Francia y Cuba, por y para la juventud de nuestras dos naciones. Nuestra voluntad es construir puentes culturales y educativos, esenciales para enriquecer el entendimiento mutuo y fomentar el intercambio de conocimientos. Como una estructura joven, todo est\u00e1 por construirse en la OFCJ, y acogemos con los brazos abiertos toda forma de buena voluntad<\/span><\/p>\n<p>[\/et_pb_text][\/et_pb_column][\/et_pb_row][\/et_pb_section][et_pb_section fb_built=\u00a0\u00bb1&Prime; specialty=\u00a0\u00bbon\u00a0\u00bb next_background_color=\u00a0\u00bb#232220&Prime; admin_label=\u00a0\u00bbFeatured\u00a0\u00bb _builder_version=\u00a0\u00bb4.24.1&Prime; use_background_color_gradient=\u00a0\u00bbon\u00a0\u00bb background_color_gradient_stops=\u00a0\u00bb#ffffff 0%|rgba(255,255,255,0) 100%\u00a0\u00bb background_color_gradient_overlays_image=\u00a0\u00bbon\u00a0\u00bb background_color_gradient_start=\u00a0\u00bb#ffffff\u00a0\u00bb background_color_gradient_end=\u00a0\u00bbrgba(255,255,255,0)\u00a0\u00bb background_image=\u00a0\u00bbhttp:\/\/ofcj.org\/wp-content\/uploads\/2024\/02\/adole.jpg\u00a0\u00bb custom_padding=\u00a0\u00bb0|0px|400px|0px|false|false\u00a0\u00bb bottom_divider_style=\u00a0\u00bbramp\u00a0\u00bb global_colors_info=\u00a0\u00bb{}\u00a0\u00bb][et_pb_column type=\u00a0\u00bb1_2&Prime; specialty_columns=\u00a0\u00bb2&Prime; _builder_version=\u00a0\u00bb4.16&Prime; custom_padding=\u00a0\u00bb|||\u00a0\u00bb global_colors_info=\u00a0\u00bb{}\u00a0\u00bb custom_padding__hover=\u00a0\u00bb|||\u00a0\u00bb][\/et_pb_column][et_pb_column type=\u00a0\u00bb1_2&Prime; _builder_version=\u00a0\u00bb4.16&Prime; custom_padding=\u00a0\u00bb|||\u00a0\u00bb global_colors_info=\u00a0\u00bb{}\u00a0\u00bb custom_padding__hover=\u00a0\u00bb|||\u00a0\u00bb][\/et_pb_column][\/et_pb_section][et_pb_section fb_built=\u00a0\u00bb1&Prime; admin_label=\u00a0\u00bbServices Section\u00a0\u00bb _builder_version=\u00a0\u00bb4.16&Prime; background_color=\u00a0\u00bb#232220&Prime; custom_padding=\u00a0\u00bb80px|0px|80px|0px|true|false\u00a0\u00bb global_colors_info=\u00a0\u00bb{}\u00a0\u00bb][et_pb_row _builder_version=\u00a0\u00bb4.16&Prime; global_colors_info=\u00a0\u00bb{}\u00a0\u00bb][et_pb_column type=\u00a0\u00bb4_4&Prime; _builder_version=\u00a0\u00bb4.16&Prime; custom_padding=\u00a0\u00bb|||\u00a0\u00bb global_colors_info=\u00a0\u00bb{}\u00a0\u00bb custom_padding__hover=\u00a0\u00bb|||\u00a0\u00bb][et_pb_text _builder_version=\u00a0\u00bb4.24.1&Prime; text_font=\u00a0\u00bb||||||||\u00a0\u00bb header_font=\u00a0\u00bb||||||||\u00a0\u00bb header_2_font=\u00a0\u00bbLora|700|||||||\u00a0\u00bb header_2_font_size=\u00a0\u00bb50px\u00a0\u00bb header_2_line_height=\u00a0\u00bb1.5em\u00a0\u00bb header_5_font=\u00a0\u00bbOswald|||on|||||\u00a0\u00bb header_5_text_color=\u00a0\u00bbrgba(255,255,255,0.4)\u00a0\u00bb header_5_font_size=\u00a0\u00bb20px\u00a0\u00bb header_5_letter_spacing=\u00a0\u00bb3px\u00a0\u00bb header_5_line_height=\u00a0\u00bb1.7em\u00a0\u00bb text_orientation=\u00a0\u00bbcenter\u00a0\u00bb background_layout=\u00a0\u00bbdark\u00a0\u00bb max_width=\u00a0\u00bb600px\u00a0\u00bb module_alignment=\u00a0\u00bbcenter\u00a0\u00bb text_line_height_last_edited=\u00a0\u00bboff|desktop\u00a0\u00bb header_2_font_size_tablet=\u00a0\u00bb\u00a0\u00bb header_2_font_size_phone=\u00a0\u00bb36px\u00a0\u00bb header_2_font_size_last_edited=\u00a0\u00bbon|desktop\u00a0\u00bb global_colors_info=\u00a0\u00bb{}\u00a0\u00bb]<\/p>\n<h5>Lo que queremos hacer\u00a0<\/h5>\n<h2>Nos souhaits\u00a0<\/h2>\n<p>[\/et_pb_text][\/et_pb_column][\/et_pb_row][et_pb_row _builder_version=\u00a0\u00bb4.24.1&Prime; _module_preset=\u00a0\u00bbdefault\u00a0\u00bb global_colors_info=\u00a0\u00bb{}\u00a0\u00bb][et_pb_column type=\u00a0\u00bb4_4&Prime; _builder_version=\u00a0\u00bb4.24.1&Prime; _module_preset=\u00a0\u00bbdefault\u00a0\u00bb global_colors_info=\u00a0\u00bb{}\u00a0\u00bb][et_pb_image src=\u00a0\u00bbhttp:\/\/ofcj.org\/wp-content\/uploads\/2024\/02\/Club-franco-cubain-1.png\u00a0\u00bb title_text=\u00a0\u00bbClub franco-cubain\u00a0\u00bb align=\u00a0\u00bbcenter\u00a0\u00bb _builder_version=\u00a0\u00bb4.24.1&Prime; _module_preset=\u00a0\u00bbdefault\u00a0\u00bb global_colors_info=\u00a0\u00bb{}\u00a0\u00bb][\/et_pb_image][\/et_pb_column][\/et_pb_row][et_pb_row column_structure=\u00a0\u00bb1_2,1_2&Prime; _builder_version=\u00a0\u00bb4.16&Prime; global_colors_info=\u00a0\u00bb{}\u00a0\u00bb][et_pb_column type=\u00a0\u00bb1_2&Prime; _builder_version=\u00a0\u00bb4.16&Prime; custom_padding=\u00a0\u00bb|||\u00a0\u00bb global_colors_info=\u00a0\u00bb{}\u00a0\u00bb custom_padding__hover=\u00a0\u00bb|||\u00a0\u00bb][et_pb_blurb title=\u00a0\u00bbEngager \u00a0\u00bb use_icon=\u00a0\u00bbon\u00a0\u00bb font_icon=\u00a0\u00bb&#xf2b5;||fa||900&Prime; icon_color=\u00a0\u00bb#E02B20&Prime; image_icon_width=\u00a0\u00bb64px\u00a0\u00bb _builder_version=\u00a0\u00bb4.24.1&Prime; header_font=\u00a0\u00bbOswald|||on|||||\u00a0\u00bb header_text_align=\u00a0\u00bbcenter\u00a0\u00bb header_letter_spacing=\u00a0\u00bb3px\u00a0\u00bb header_line_height=\u00a0\u00bb1.7em\u00a0\u00bb body_font=\u00a0\u00bbLora||||||||\u00a0\u00bb body_font_size=\u00a0\u00bb18px\u00a0\u00bb body_line_height=\u00a0\u00bb2em\u00a0\u00bb text_orientation=\u00a0\u00bbcenter\u00a0\u00bb background_layout=\u00a0\u00bbdark\u00a0\u00bb animation_style=\u00a0\u00bbfade\u00a0\u00bb animation=\u00a0\u00bboff\u00a0\u00bb image_max_width=\u00a0\u00bb64px\u00a0\u00bb global_colors_info=\u00a0\u00bb{}\u00a0\u00bb]<\/p>\n<p><strong>Engager<\/strong> les jeunes dans des projets qui renforcent les liens franco-cubains, accentuant la diversit\u00e9 culturelle, l&rsquo;\u00e9ducation, et le d\u00e9veloppement durable<\/p>\n<p>[\/et_pb_blurb][\/et_pb_column][et_pb_column type=\u00a0\u00bb1_2&Prime; _builder_version=\u00a0\u00bb4.16&Prime; custom_padding=\u00a0\u00bb|||\u00a0\u00bb global_colors_info=\u00a0\u00bb{}\u00a0\u00bb custom_padding__hover=\u00a0\u00bb|||\u00a0\u00bb][et_pb_blurb title=\u00a0\u00bbInvolucrar\u00a0\u00bb use_icon=\u00a0\u00bbon\u00a0\u00bb font_icon=\u00a0\u00bb&#xf2b5;||fa||900&Prime; icon_color=\u00a0\u00bb#E02B20&Prime; image_icon_width=\u00a0\u00bb64px\u00a0\u00bb _builder_version=\u00a0\u00bb4.24.1&Prime; header_font=\u00a0\u00bbOswald|||on|||||\u00a0\u00bb header_text_align=\u00a0\u00bbcenter\u00a0\u00bb header_letter_spacing=\u00a0\u00bb3px\u00a0\u00bb header_line_height=\u00a0\u00bb1.7em\u00a0\u00bb body_font=\u00a0\u00bbLora||||||||\u00a0\u00bb body_font_size=\u00a0\u00bb18px\u00a0\u00bb body_line_height=\u00a0\u00bb2em\u00a0\u00bb text_orientation=\u00a0\u00bbcenter\u00a0\u00bb background_layout=\u00a0\u00bbdark\u00a0\u00bb animation_style=\u00a0\u00bbfade\u00a0\u00bb animation=\u00a0\u00bboff\u00a0\u00bb image_max_width=\u00a0\u00bb64px\u00a0\u00bb global_colors_info=\u00a0\u00bb{}\u00a0\u00bb]<\/p>\n<p><span>Involucrar a los j\u00f3venes en proyectos que refuercen los lazos franco-cubanos, acentuando la diversidad cultural, la educaci\u00f3n y el desarrollo sostenible.<\/span><\/p>\n<p>[\/et_pb_blurb][\/et_pb_column][\/et_pb_row][et_pb_row column_structure=\u00a0\u00bb1_2,1_2&Prime; _builder_version=\u00a0\u00bb4.16&Prime; global_colors_info=\u00a0\u00bb{}\u00a0\u00bb][et_pb_column type=\u00a0\u00bb1_2&Prime; _builder_version=\u00a0\u00bb4.16&Prime; custom_padding=\u00a0\u00bb|||\u00a0\u00bb global_colors_info=\u00a0\u00bb{}\u00a0\u00bb custom_padding__hover=\u00a0\u00bb|||\u00a0\u00bb][et_pb_blurb title=\u00a0\u00bbEduquer \u00a0\u00bb use_icon=\u00a0\u00bbon\u00a0\u00bb font_icon=\u00a0\u00bb&#xf19c;||fa||900&Prime; icon_color=\u00a0\u00bb#353383&Prime; image_icon_width=\u00a0\u00bb64px\u00a0\u00bb _builder_version=\u00a0\u00bb4.24.1&Prime; header_font=\u00a0\u00bbOswald|||on|||||\u00a0\u00bb header_text_align=\u00a0\u00bbcenter\u00a0\u00bb header_letter_spacing=\u00a0\u00bb3px\u00a0\u00bb header_line_height=\u00a0\u00bb1.7em\u00a0\u00bb body_font=\u00a0\u00bbLora||||||||\u00a0\u00bb body_font_size=\u00a0\u00bb18px\u00a0\u00bb body_line_height=\u00a0\u00bb2em\u00a0\u00bb text_orientation=\u00a0\u00bbcenter\u00a0\u00bb background_layout=\u00a0\u00bbdark\u00a0\u00bb animation_style=\u00a0\u00bbfade\u00a0\u00bb animation=\u00a0\u00bboff\u00a0\u00bb image_max_width=\u00a0\u00bb64px\u00a0\u00bb global_colors_info=\u00a0\u00bb{}\u00a0\u00bb]<\/p>\n<ul>\n<li><strong>\u00c9duquer<\/strong> par le biais d&rsquo;\u00e9changes, d&rsquo;ateliers, et de s\u00e9minaires, offrant des opportunit\u00e9s d&rsquo;apprentissage qui transcendent les fronti\u00e8res traditionnelles de l&rsquo;\u00e9ducation.<\/li>\n<\/ul>\n<p>[\/et_pb_blurb][et_pb_blurb title=\u00a0\u00bbPromouvoir \u00a0\u00bb use_icon=\u00a0\u00bbon\u00a0\u00bb font_icon=\u00a0\u00bb&#xf164;||fa||400&Prime; icon_color=\u00a0\u00bb#d72b37&Prime; image_icon_width=\u00a0\u00bb64px\u00a0\u00bb _builder_version=\u00a0\u00bb4.24.1&Prime; header_font=\u00a0\u00bbOswald|||on|||||\u00a0\u00bb header_text_align=\u00a0\u00bbcenter\u00a0\u00bb header_letter_spacing=\u00a0\u00bb3px\u00a0\u00bb header_line_height=\u00a0\u00bb1.7em\u00a0\u00bb body_font=\u00a0\u00bbLora||||||||\u00a0\u00bb body_font_size=\u00a0\u00bb18px\u00a0\u00bb body_line_height=\u00a0\u00bb2em\u00a0\u00bb text_orientation=\u00a0\u00bbcenter\u00a0\u00bb background_layout=\u00a0\u00bbdark\u00a0\u00bb animation_style=\u00a0\u00bbfade\u00a0\u00bb animation=\u00a0\u00bboff\u00a0\u00bb image_max_width=\u00a0\u00bb64px\u00a0\u00bb global_colors_info=\u00a0\u00bb{}\u00a0\u00bb]<\/p>\n<ul>\n<li><strong>Promouvoir<\/strong> la solidarit\u00e9 mutuelle dans les secteurs du num\u00e9rique, de l&rsquo;\u00e9cologie, et de la m\u00e9decine, contribuant ainsi \u00e0 un avenir plus durable et \u00e9quitable.<\/li>\n<\/ul>\n<p>[\/et_pb_blurb][\/et_pb_column][et_pb_column type=\u00a0\u00bb1_2&Prime; _builder_version=\u00a0\u00bb4.16&Prime; custom_padding=\u00a0\u00bb|||\u00a0\u00bb global_colors_info=\u00a0\u00bb{}\u00a0\u00bb custom_padding__hover=\u00a0\u00bb|||\u00a0\u00bb][et_pb_blurb title=\u00a0\u00bbEduquer \u00a0\u00bb use_icon=\u00a0\u00bbon\u00a0\u00bb font_icon=\u00a0\u00bb&#xf19c;||fa||900&Prime; icon_color=\u00a0\u00bb#353383&Prime; image_icon_width=\u00a0\u00bb64px\u00a0\u00bb _builder_version=\u00a0\u00bb4.24.1&Prime; header_font=\u00a0\u00bbOswald|||on|||||\u00a0\u00bb header_text_align=\u00a0\u00bbcenter\u00a0\u00bb header_letter_spacing=\u00a0\u00bb3px\u00a0\u00bb header_line_height=\u00a0\u00bb1.7em\u00a0\u00bb body_font=\u00a0\u00bbLora||||||||\u00a0\u00bb body_font_size=\u00a0\u00bb18px\u00a0\u00bb body_line_height=\u00a0\u00bb2em\u00a0\u00bb text_orientation=\u00a0\u00bbcenter\u00a0\u00bb background_layout=\u00a0\u00bbdark\u00a0\u00bb animation_style=\u00a0\u00bbfade\u00a0\u00bb animation=\u00a0\u00bboff\u00a0\u00bb image_max_width=\u00a0\u00bb64px\u00a0\u00bb global_colors_info=\u00a0\u00bb{}\u00a0\u00bb]<\/p>\n<ul>\n<li><span>Educar a trav\u00e9s de intercambios, talleres y seminarios, ofreciendo oportunidades de aprendizaje que trascienden las fronteras tradicionales de la educaci\u00f3n.<\/span><\/li>\n<\/ul>\n<p>[\/et_pb_blurb][et_pb_blurb title=\u00a0\u00bbPromover\u00a0\u00bb use_icon=\u00a0\u00bbon\u00a0\u00bb font_icon=\u00a0\u00bb&#xf164;||fa||400&Prime; icon_color=\u00a0\u00bb#d72b37&Prime; image_icon_width=\u00a0\u00bb64px\u00a0\u00bb _builder_version=\u00a0\u00bb4.24.1&Prime; header_font=\u00a0\u00bbOswald|||on|||||\u00a0\u00bb header_text_align=\u00a0\u00bbcenter\u00a0\u00bb header_letter_spacing=\u00a0\u00bb3px\u00a0\u00bb header_line_height=\u00a0\u00bb1.7em\u00a0\u00bb body_font=\u00a0\u00bbLora||||||||\u00a0\u00bb body_font_size=\u00a0\u00bb18px\u00a0\u00bb body_line_height=\u00a0\u00bb2em\u00a0\u00bb text_orientation=\u00a0\u00bbcenter\u00a0\u00bb background_layout=\u00a0\u00bbdark\u00a0\u00bb animation_style=\u00a0\u00bbfade\u00a0\u00bb animation=\u00a0\u00bboff\u00a0\u00bb image_max_width=\u00a0\u00bb64px\u00a0\u00bb global_colors_info=\u00a0\u00bb{}\u00a0\u00bb]<\/p>\n<ul>\n<li><span>Promover la solidaridad mutua en los sectores digital, ecol\u00f3gico y m\u00e9dico, contribuyendo as\u00ed a un futuro m\u00e1s sostenible y equitativo.<\/span><\/li>\n<\/ul>\n<p>[\/et_pb_blurb][\/et_pb_column][\/et_pb_row][\/et_pb_section][et_pb_section fb_built=\u00a0\u00bb1&Prime; admin_label=\u00a0\u00bbVision Section\u00a0\u00bb _builder_version=\u00a0\u00bb4.16&Prime; background_color=\u00a0\u00bb#232220&Prime; use_background_color_gradient=\u00a0\u00bbon\u00a0\u00bb background_color_gradient_stops=\u00a0\u00bb#232220 50%|#ffffff 50%\u00a0\u00bb background_color_gradient_start=\u00a0\u00bb#232220&Prime; background_color_gradient_start_position=\u00a0\u00bb50%\u00a0\u00bb background_color_gradient_end=\u00a0\u00bb#ffffff\u00a0\u00bb background_color_gradient_end_position=\u00a0\u00bb50%\u00a0\u00bb custom_padding=\u00a0\u00bb80px|0px|80px|0px|false|false\u00a0\u00bb global_colors_info=\u00a0\u00bb{}\u00a0\u00bb][\/et_pb_section][et_pb_section fb_built=\u00a0\u00bb1&Prime; admin_label=\u00a0\u00bbGet Involved\u00a0\u00bb _builder_version=\u00a0\u00bb4.16&Prime; custom_padding=\u00a0\u00bb40px|0|40px|0px|true|false\u00a0\u00bb global_colors_info=\u00a0\u00bb{}\u00a0\u00bb][et_pb_row column_structure=\u00a0\u00bb1_2,1_2&Prime; _builder_version=\u00a0\u00bb4.24.1&Prime; custom_padding=\u00a0\u00bb0|0px|0|0px|false|false\u00a0\u00bb custom_width_px=\u00a0\u00bb1230px\u00a0\u00bb global_colors_info=\u00a0\u00bb{}\u00a0\u00bb][et_pb_column type=\u00a0\u00bb1_2&Prime; _builder_version=\u00a0\u00bb4.16&Prime; custom_padding=\u00a0\u00bb|||\u00a0\u00bb global_colors_info=\u00a0\u00bb{}\u00a0\u00bb custom_padding__hover=\u00a0\u00bb|||\u00a0\u00bb][et_pb_cta title=\u00a0\u00bbSoutenez-nous\u00a0\u00bb button_url=\u00a0\u00bbhttps:\/\/tally.so\/r\/woM0QM\u00a0\u00bb button_text=\u00a0\u00bbDevenir membre\u00a0\u00bb _builder_version=\u00a0\u00bb4.24.1&Prime; header_level=\u00a0\u00bbh3&Prime; header_font=\u00a0\u00bbLora|700|||||||\u00a0\u00bb header_font_size=\u00a0\u00bb40px\u00a0\u00bb header_line_height=\u00a0\u00bb1.5em\u00a0\u00bb body_font=\u00a0\u00bbLora||||||||\u00a0\u00bb body_font_size=\u00a0\u00bb18px\u00a0\u00bb body_line_height=\u00a0\u00bb2em\u00a0\u00bb background_color=\u00a0\u00bb#353383&Prime; custom_button=\u00a0\u00bbon\u00a0\u00bb button_text_size=\u00a0\u00bb16px\u00a0\u00bb button_bg_color=\u00a0\u00bbrgba(0,0,0,0.3)\u00a0\u00bb button_border_width=\u00a0\u00bb15px\u00a0\u00bb button_border_color=\u00a0\u00bbrgba(210,159,104,0)\u00a0\u00bb button_border_radius=\u00a0\u00bb59px\u00a0\u00bb button_letter_spacing=\u00a0\u00bb3px\u00a0\u00bb button_font=\u00a0\u00bbOswald|||on|||||\u00a0\u00bb button_use_icon=\u00a0\u00bboff\u00a0\u00bb custom_margin=\u00a0\u00bb||||false\u00a0\u00bb custom_padding=\u00a0\u00bb40px|40px|100px|40px|false|true\u00a0\u00bb animation_style=\u00a0\u00bbzoom\u00a0\u00bb animation_intensity_zoom=\u00a0\u00bb5%\u00a0\u00bb hover_enabled=\u00a0\u00bb0&Prime; header_font_size_tablet=\u00a0\u00bb\u00a0\u00bb header_font_size_phone=\u00a0\u00bb36px\u00a0\u00bb header_font_size_last_edited=\u00a0\u00bbon|desktop\u00a0\u00bb border_radii=\u00a0\u00bbon|8px|8px|8px|8px\u00a0\u00bb box_shadow_style=\u00a0\u00bbpreset3&Prime; box_shadow_vertical=\u00a0\u00bb110px\u00a0\u00bb box_shadow_blur=\u00a0\u00bb80px\u00a0\u00bb box_shadow_spread=\u00a0\u00bb-80px\u00a0\u00bb box_shadow_color=\u00a0\u00bbrgba(0,0,0,0.12)\u00a0\u00bb button_bg_color_hover=\u00a0\u00bbrgba(0,0,0,0.5)\u00a0\u00bb global_colors_info=\u00a0\u00bb{}\u00a0\u00bb button_text_size__hover_enabled=\u00a0\u00bboff\u00a0\u00bb button_one_text_size__hover_enabled=\u00a0\u00bboff\u00a0\u00bb button_two_text_size__hover_enabled=\u00a0\u00bboff\u00a0\u00bb button_text_color__hover_enabled=\u00a0\u00bboff\u00a0\u00bb button_one_text_color__hover_enabled=\u00a0\u00bboff\u00a0\u00bb button_two_text_color__hover_enabled=\u00a0\u00bboff\u00a0\u00bb button_border_width__hover_enabled=\u00a0\u00bboff\u00a0\u00bb button_one_border_width__hover_enabled=\u00a0\u00bboff\u00a0\u00bb button_two_border_width__hover_enabled=\u00a0\u00bboff\u00a0\u00bb button_border_color__hover_enabled=\u00a0\u00bboff\u00a0\u00bb button_one_border_color__hover_enabled=\u00a0\u00bboff\u00a0\u00bb button_two_border_color__hover_enabled=\u00a0\u00bboff\u00a0\u00bb button_border_radius__hover_enabled=\u00a0\u00bboff\u00a0\u00bb button_one_border_radius__hover_enabled=\u00a0\u00bboff\u00a0\u00bb button_two_border_radius__hover_enabled=\u00a0\u00bboff\u00a0\u00bb button_letter_spacing__hover_enabled=\u00a0\u00bboff\u00a0\u00bb button_one_letter_spacing__hover_enabled=\u00a0\u00bboff\u00a0\u00bb button_two_letter_spacing__hover_enabled=\u00a0\u00bboff\u00a0\u00bb button_bg_color__hover_enabled=\u00a0\u00bbon\u00a0\u00bb button_bg_color__hover=\u00a0\u00bbrgba(0,0,0,0.5)\u00a0\u00bb button_one_bg_color__hover_enabled=\u00a0\u00bboff\u00a0\u00bb button_two_bg_color__hover_enabled=\u00a0\u00bboff\u00a0\u00bb sticky_enabled=\u00a0\u00bb0&Prime;]<\/p>\n<p>En tant qu&rsquo;association, l&rsquo;OFCJ s&rsquo;appuie sur le soutien et la contribution de ses membres actifs, de partenaires priv\u00e9s, de dons, et de b\u00e9n\u00e9voles pour r\u00e9aliser sa mission. Chaque contribution, quelle que soit sa taille, est cruciale pour construire un avenir prometteur pour la jeunesse franco-cubaine. Nous vous invitons \u00e0 nous rejoindre dans cette aventure unique en devenant membre de l&rsquo;OFCJ et \u00e0 nous aider \u00e0 faire une diff\u00e9rence durable dans la vie des jeunes et dans les relations entre la France et Cuba.<\/p>\n<p><strong>Unis par la Passion, Guid\u00e9s par la Libert\u00e9<\/strong><\/p>\n<p>&nbsp;<\/p>\n<p>[\/et_pb_cta][\/et_pb_column][et_pb_column type=\u00a0\u00bb1_2&Prime; _builder_version=\u00a0\u00bb4.16&Prime; custom_padding=\u00a0\u00bb|||\u00a0\u00bb global_colors_info=\u00a0\u00bb{}\u00a0\u00bb custom_padding__hover=\u00a0\u00bb|||\u00a0\u00bb][et_pb_text _builder_version=\u00a0\u00bb4.24.1&Prime; text_font=\u00a0\u00bb||||||||\u00a0\u00bb header_font=\u00a0\u00bb||||||||\u00a0\u00bb header_2_font=\u00a0\u00bb||||||||\u00a0\u00bb header_3_font=\u00a0\u00bbLora|700|||||||\u00a0\u00bb header_3_text_color=\u00a0\u00bb#d72b37&Prime; header_3_font_size=\u00a0\u00bb40px\u00a0\u00bb header_3_line_height=\u00a0\u00bb1.5em\u00a0\u00bb header_4_font=\u00a0\u00bb||||||||\u00a0\u00bb header_5_font=\u00a0\u00bb||||||||\u00a0\u00bb header_6_font=\u00a0\u00bb||||||||\u00a0\u00bb max_width=\u00a0\u00bb600px\u00a0\u00bb module_alignment=\u00a0\u00bbcenter\u00a0\u00bb custom_padding=\u00a0\u00bb40px||||false\u00a0\u00bb animation_style=\u00a0\u00bbfade\u00a0\u00bb text_line_height_last_edited=\u00a0\u00bboff|desktop\u00a0\u00bb header_2_font_size_phone=\u00a0\u00bb36px\u00a0\u00bb header_2_font_size_last_edited=\u00a0\u00bboff|desktop\u00a0\u00bb header_3_font_size_tablet=\u00a0\u00bb\u00a0\u00bb header_3_font_size_phone=\u00a0\u00bb36px\u00a0\u00bb header_3_font_size_last_edited=\u00a0\u00bbon|phone\u00a0\u00bb locked=\u00a0\u00bboff\u00a0\u00bb global_colors_info=\u00a0\u00bb{}\u00a0\u00bb]<\/p>\n<h3>Calendrier<\/h3>\n<p>[\/et_pb_text][et_pb_blurb title=\u00a0\u00bb20 Avril 2024-AG Vid\u00e9oconf\u00e9rence \u00a0\u00bb use_icon=\u00a0\u00bbon\u00a0\u00bb font_icon=\u00a0\u00bb&#xe023;||divi||400&Prime; icon_color=\u00a0\u00bb#d72b37&Prime; icon_placement=\u00a0\u00bbleft\u00a0\u00bb image_icon_width=\u00a0\u00bb26px\u00a0\u00bb _builder_version=\u00a0\u00bb4.24.1&Prime; header_font=\u00a0\u00bbOswald|||on|||||\u00a0\u00bb header_font_size=\u00a0\u00bb16px\u00a0\u00bb header_letter_spacing=\u00a0\u00bb2px\u00a0\u00bb header_line_height=\u00a0\u00bb1.7em\u00a0\u00bb body_font=\u00a0\u00bbLora||||||||\u00a0\u00bb body_font_size=\u00a0\u00bb16px\u00a0\u00bb body_line_height=\u00a0\u00bb2em\u00a0\u00bb animation_style=\u00a0\u00bbfade\u00a0\u00bb icon_font_size=\u00a0\u00bb26px\u00a0\u00bb global_colors_info=\u00a0\u00bb{}\u00a0\u00bb]<\/p>\n<p><strong>18 H\u00a0<\/strong><\/p>\n<p>L&rsquo;occasion de partager vos id\u00e9es et contributions, et d&rsquo;\u00e9crire ensemble l&rsquo;histoire de la jeunesse franco-cubaine.<\/p>\n<p>[\/et_pb_blurb][et_pb_button button_text=\u00a0\u00bbDevenir Membre \u00a0\u00bb _builder_version=\u00a0\u00bb4.24.1&Prime; custom_button=\u00a0\u00bbon\u00a0\u00bb button_text_size=\u00a0\u00bb16px\u00a0\u00bb button_text_color=\u00a0\u00bb#ffffff\u00a0\u00bb button_bg_color=\u00a0\u00bb#353383&Prime; button_border_width=\u00a0\u00bb15px\u00a0\u00bb button_border_color=\u00a0\u00bbrgba(210,159,104,0)\u00a0\u00bb button_border_radius=\u00a0\u00bb100px\u00a0\u00bb button_letter_spacing=\u00a0\u00bb3px\u00a0\u00bb button_font=\u00a0\u00bbOswald|||on|||||\u00a0\u00bb button_use_icon=\u00a0\u00bboff\u00a0\u00bb background_layout=\u00a0\u00bbdark\u00a0\u00bb custom_margin=\u00a0\u00bb|||\u00a0\u00bb animation_style=\u00a0\u00bbfade\u00a0\u00bb hover_enabled=\u00a0\u00bb0&Prime; button_border_radius_hover=\u00a0\u00bb100px\u00a0\u00bb button_bg_color_hover=\u00a0\u00bb#cc8d66&Prime; locked=\u00a0\u00bboff\u00a0\u00bb global_colors_info=\u00a0\u00bb{}\u00a0\u00bb button_text_size__hover_enabled=\u00a0\u00bboff\u00a0\u00bb button_one_text_size__hover_enabled=\u00a0\u00bboff\u00a0\u00bb button_two_text_size__hover_enabled=\u00a0\u00bboff\u00a0\u00bb button_text_color__hover_enabled=\u00a0\u00bboff\u00a0\u00bb button_one_text_color__hover_enabled=\u00a0\u00bboff\u00a0\u00bb button_two_text_color__hover_enabled=\u00a0\u00bboff\u00a0\u00bb button_border_width__hover_enabled=\u00a0\u00bboff\u00a0\u00bb button_one_border_width__hover_enabled=\u00a0\u00bboff\u00a0\u00bb button_two_border_width__hover_enabled=\u00a0\u00bboff\u00a0\u00bb button_border_color__hover_enabled=\u00a0\u00bboff\u00a0\u00bb button_one_border_color__hover_enabled=\u00a0\u00bboff\u00a0\u00bb button_two_border_color__hover_enabled=\u00a0\u00bboff\u00a0\u00bb button_border_radius__hover_enabled=\u00a0\u00bbon\u00a0\u00bb button_border_radius__hover=\u00a0\u00bb100px\u00a0\u00bb button_one_border_radius__hover_enabled=\u00a0\u00bboff\u00a0\u00bb button_two_border_radius__hover_enabled=\u00a0\u00bboff\u00a0\u00bb button_letter_spacing__hover_enabled=\u00a0\u00bboff\u00a0\u00bb button_one_letter_spacing__hover_enabled=\u00a0\u00bboff\u00a0\u00bb button_two_letter_spacing__hover_enabled=\u00a0\u00bboff\u00a0\u00bb button_bg_color__hover_enabled=\u00a0\u00bbon\u00a0\u00bb button_bg_color__hover=\u00a0\u00bb#cc8d66&Prime; button_one_bg_color__hover_enabled=\u00a0\u00bboff\u00a0\u00bb button_two_bg_color__hover_enabled=\u00a0\u00bboff\u00a0\u00bb button_url=\u00a0\u00bbhttps:\/\/tally.so\/r\/woM0QM\u00a0\u00bb sticky_enabled=\u00a0\u00bb0&Prime;][\/et_pb_button][\/et_pb_column][\/et_pb_row][\/et_pb_section][et_pb_section fb_built=\u00a0\u00bb1&Prime; next_background_color=\u00a0\u00bb#353383&Prime; admin_label=\u00a0\u00bbListings\u00a0\u00bb _builder_version=\u00a0\u00bb4.16&Prime; custom_padding=\u00a0\u00bb80px||120px||false|false\u00a0\u00bb bottom_divider_style=\u00a0\u00bbramp\u00a0\u00bb animation_style=\u00a0\u00bbfade\u00a0\u00bb animation_delay=\u00a0\u00bb200ms\u00a0\u00bb global_colors_info=\u00a0\u00bb{}\u00a0\u00bb][\/et_pb_section][et_pb_section fb_built=\u00a0\u00bb1&Prime; next_background_color=\u00a0\u00bb#232220&Prime; admin_label=\u00a0\u00bbLearn Section\u00a0\u00bb _builder_version=\u00a0\u00bb4.24.1&Prime; background_color=\u00a0\u00bb#353383&Prime; custom_padding=\u00a0\u00bb80px|0px|120px|0px|false|false\u00a0\u00bb bottom_divider_style=\u00a0\u00bbramp\u00a0\u00bb bottom_divider_flip=\u00a0\u00bbhorizontal\u00a0\u00bb locked=\u00a0\u00bboff\u00a0\u00bb global_colors_info=\u00a0\u00bb{}\u00a0\u00bb][et_pb_row _builder_version=\u00a0\u00bb4.16&Prime; global_colors_info=\u00a0\u00bb{}\u00a0\u00bb][et_pb_column type=\u00a0\u00bb4_4&Prime; _builder_version=\u00a0\u00bb4.16&Prime; custom_padding=\u00a0\u00bb|||\u00a0\u00bb global_colors_info=\u00a0\u00bb{}\u00a0\u00bb custom_padding__hover=\u00a0\u00bb|||\u00a0\u00bb][et_pb_text _builder_version=\u00a0\u00bb4.24.1&Prime; text_font=\u00a0\u00bbLora||||||||\u00a0\u00bb text_font_size=\u00a0\u00bb18px\u00a0\u00bb text_line_height=\u00a0\u00bb2em\u00a0\u00bb header_font=\u00a0\u00bb||||||||\u00a0\u00bb header_2_font=\u00a0\u00bbLora|700|||||||\u00a0\u00bb header_2_font_size=\u00a0\u00bb50px\u00a0\u00bb header_2_line_height=\u00a0\u00bb1.5em\u00a0\u00bb header_5_font=\u00a0\u00bbOswald|||on|||||\u00a0\u00bb header_5_text_color=\u00a0\u00bbrgba(255,255,255,0.4)\u00a0\u00bb header_5_font_size=\u00a0\u00bb20px\u00a0\u00bb header_5_letter_spacing=\u00a0\u00bb3px\u00a0\u00bb header_5_line_height=\u00a0\u00bb1.7em\u00a0\u00bb text_orientation=\u00a0\u00bbcenter\u00a0\u00bb background_layout=\u00a0\u00bbdark\u00a0\u00bb max_width=\u00a0\u00bb750px\u00a0\u00bb module_alignment=\u00a0\u00bbcenter\u00a0\u00bb custom_padding=\u00a0\u00bb|||\u00a0\u00bb text_line_height_last_edited=\u00a0\u00bboff|desktop\u00a0\u00bb header_2_font_size_tablet=\u00a0\u00bb\u00a0\u00bb header_2_font_size_phone=\u00a0\u00bb36px\u00a0\u00bb header_2_font_size_last_edited=\u00a0\u00bbon|desktop\u00a0\u00bb global_colors_info=\u00a0\u00bb{}\u00a0\u00bb]<\/p>\n<h5>Appel au soutien\u00a0<\/h5>\n<h2><strong>Unis par la Passion, Guid\u00e9s par la Libert\u00e9<\/strong><\/h2>\n<p>[\/et_pb_text][\/et_pb_column][\/et_pb_row][et_pb_row column_structure=\u00a0\u00bb1_2,1_2&Prime; _builder_version=\u00a0\u00bb4.16&Prime; global_colors_info=\u00a0\u00bb{}\u00a0\u00bb][et_pb_column type=\u00a0\u00bb1_2&Prime; _builder_version=\u00a0\u00bb4.16&Prime; custom_padding=\u00a0\u00bb|||\u00a0\u00bb global_colors_info=\u00a0\u00bb{}\u00a0\u00bb custom_padding__hover=\u00a0\u00bb|||\u00a0\u00bb][et_pb_text _builder_version=\u00a0\u00bb4.24.1&Prime; text_font=\u00a0\u00bbLora||||||||\u00a0\u00bb text_font_size=\u00a0\u00bb18px\u00a0\u00bb text_line_height=\u00a0\u00bb2em\u00a0\u00bb link_font=\u00a0\u00bb||||||||\u00a0\u00bb ul_font=\u00a0\u00bb||||||||\u00a0\u00bb ol_font=\u00a0\u00bb||||||||\u00a0\u00bb quote_font=\u00a0\u00bb||||||||\u00a0\u00bb header_font=\u00a0\u00bb||||||||\u00a0\u00bb header_2_font=\u00a0\u00bb||||||||\u00a0\u00bb header_3_font=\u00a0\u00bbOswald|||on|||||\u00a0\u00bb header_3_font_size=\u00a0\u00bb20px\u00a0\u00bb header_3_letter_spacing=\u00a0\u00bb3px\u00a0\u00bb header_3_line_height=\u00a0\u00bb1.5em\u00a0\u00bb header_4_font=\u00a0\u00bb||||||||\u00a0\u00bb background_layout=\u00a0\u00bbdark\u00a0\u00bb max_width=\u00a0\u00bb600px\u00a0\u00bb text_line_height_last_edited=\u00a0\u00bboff|desktop\u00a0\u00bb global_colors_info=\u00a0\u00bb{}\u00a0\u00bb]<\/p>\n<h3><\/h3>\n<p>En tant qu&rsquo;association, l&rsquo;OFCJ s&rsquo;appuie sur le soutien et la contribution de ses membres actifs, de partenaires priv\u00e9s, de dons, et de b\u00e9n\u00e9voles pour r\u00e9aliser sa mission. Chaque contribution, quelle que soit sa taille, est cruciale pour construire un avenir prometteur pour la jeunesse franco-cubaine. Nous vous invitons \u00e0 nous rejoindre dans cette aventure unique en devenant membre de l&rsquo;OFCJ et \u00e0 nous aider \u00e0 faire une diff\u00e9rence durable dans la vie des jeunes et dans les relations entre la France et Cuba.<\/p>\n<p>[\/et_pb_text][\/et_pb_column][et_pb_column type=\u00a0\u00bb1_2&Prime; _builder_version=\u00a0\u00bb4.16&Prime; custom_padding=\u00a0\u00bb|||\u00a0\u00bb global_colors_info=\u00a0\u00bb{}\u00a0\u00bb custom_padding__hover=\u00a0\u00bb|||\u00a0\u00bb][et_pb_text _builder_version=\u00a0\u00bb4.16&Prime; text_font=\u00a0\u00bbLora||||||||\u00a0\u00bb text_font_size=\u00a0\u00bb18px\u00a0\u00bb text_line_height=\u00a0\u00bb2em\u00a0\u00bb link_font=\u00a0\u00bb||||||||\u00a0\u00bb ul_font=\u00a0\u00bb||||||||\u00a0\u00bb ol_font=\u00a0\u00bb||||||||\u00a0\u00bb quote_font=\u00a0\u00bb||||||||\u00a0\u00bb header_font=\u00a0\u00bb||||||||\u00a0\u00bb header_2_font=\u00a0\u00bb||||||||\u00a0\u00bb header_3_font=\u00a0\u00bbOswald|||on|||||\u00a0\u00bb header_3_font_size=\u00a0\u00bb20px\u00a0\u00bb header_3_letter_spacing=\u00a0\u00bb3px\u00a0\u00bb header_3_line_height=\u00a0\u00bb1.5em\u00a0\u00bb header_4_font=\u00a0\u00bb||||||||\u00a0\u00bb background_layout=\u00a0\u00bbdark\u00a0\u00bb max_width=\u00a0\u00bb600px\u00a0\u00bb text_line_height_last_edited=\u00a0\u00bboff|desktop\u00a0\u00bb global_colors_info=\u00a0\u00bb{}\u00a0\u00bb]<\/p>\n<h3><\/h3>\n<p><span>Como asociaci\u00f3n, la OFCJ se basa en el apoyo y la contribuci\u00f3n de sus miembros activos, socios privados, donaciones y voluntarios para llevar a cabo su misi\u00f3n. Cada contribuci\u00f3n, sin importar su tama\u00f1o, es crucial para construir un futuro prometedor para la juventud franco-cubana. Les invitamos a unirse a esta aventura \u00fanica convirti\u00e9ndose en miembro de la OFCJ y ayudarnos a hacer una diferencia duradera en la vida de los j\u00f3venes y en las relaciones entre Francia y Cuba.<\/span><\/p>\n<p>[\/et_pb_text][\/et_pb_column][\/et_pb_row][\/et_pb_section][et_pb_section fb_built=\u00a0\u00bb1&Prime; admin_label=\u00a0\u00bbFooter Section\u00a0\u00bb _builder_version=\u00a0\u00bb4.24.1&Prime; background_color=\u00a0\u00bb#232220&Prime; use_background_color_gradient=\u00a0\u00bbon\u00a0\u00bb background_color_gradient_stops=\u00a0\u00bb#232220 25%|rgba(35,34,32,0.13) 100%\u00a0\u00bb background_color_gradient_overlays_image=\u00a0\u00bbon\u00a0\u00bb background_color_gradient_start=\u00a0\u00bb#232220&Prime; background_color_gradient_start_position=\u00a0\u00bb25%\u00a0\u00bb background_color_gradient_end=\u00a0\u00bbrgba(35,34,32,0.13)\u00a0\u00bb background_image=\u00a0\u00bbhttp:\/\/ofcj.org\/wp-content\/uploads\/2024\/02\/jovenes-cubanos-2-768&#215;432-1.jpg\u00a0\u00bb custom_padding=\u00a0\u00bb80px|0px|80px|0px|true|false\u00a0\u00bb saved_tabs=\u00a0\u00bball\u00a0\u00bb global_colors_info=\u00a0\u00bb{}\u00a0\u00bb][et_pb_row column_structure=\u00a0\u00bb1_5,3_5,1_5&Prime; _builder_version=\u00a0\u00bb4.24.1&Prime; _module_preset=\u00a0\u00bbdefault\u00a0\u00bb global_colors_info=\u00a0\u00bb{}\u00a0\u00bb][et_pb_column type=\u00a0\u00bb1_5&Prime; _builder_version=\u00a0\u00bb4.24.1&Prime; _module_preset=\u00a0\u00bbdefault\u00a0\u00bb global_colors_info=\u00a0\u00bb{}\u00a0\u00bb][\/et_pb_column][et_pb_column type=\u00a0\u00bb3_5&Prime; _builder_version=\u00a0\u00bb4.24.1&Prime; _module_preset=\u00a0\u00bbdefault\u00a0\u00bb global_colors_info=\u00a0\u00bb{}\u00a0\u00bb][et_pb_text _builder_version=\u00a0\u00bb4.24.1&Prime; _module_preset=\u00a0\u00bbdefault\u00a0\u00bb text_font=\u00a0\u00bbLora||||||||\u00a0\u00bb text_text_color=\u00a0\u00bb#FFFFFF\u00a0\u00bb text_font_size=\u00a0\u00bb19px\u00a0\u00bb header_2_font=\u00a0\u00bbLora|||on|||||\u00a0\u00bb header_2_text_color=\u00a0\u00bb#d72b37&Prime; header_2_font_size=\u00a0\u00bb34px\u00a0\u00bb global_colors_info=\u00a0\u00bb{}\u00a0\u00bb]<\/p>\n<h2 style=\"text-align: center;\">Devenir membre<\/h2>\n<p style=\"text-align: center;\">Rejoindre l&rsquo;aventure de l&rsquo;OFCJ et contribuer \u00e0 notre action est simple. Remplissez notre <a href=\"https:\/\/chat.openai.com\/c\/94d60dd8-e39d-49d9-a1e1-30a53569f23c\">formulaire de demande d&rsquo;adh\u00e9sion<\/a>.<\/p>\n<p style=\"text-align: center;\">L&rsquo;adh\u00e9sion co\u00fbte 10 \u20ac et vous donne acc\u00e8s \u00e0 notre premi\u00e8re Assembl\u00e9e G\u00e9n\u00e9rale, qui se tiendra le mardi 30 avril \u00e0 18h en vid\u00e9oconf\u00e9rence. Ce sera l&rsquo;occasion de partager vos id\u00e9es et contributions, et d&rsquo;\u00e9crire ensemble l&rsquo;histoire de la jeunesse franco-cubaine.<\/p>\n<p style=\"text-align: center;\">Ensemble, construisons des ponts entre les cultures et ouvrons un nouveau chapitre dans les relations franco-cubaines<\/p>\n<p>[\/et_pb_text][et_pb_button button_text=\u00a0\u00bbDevenir Membre \u00a0\u00bb button_alignment=\u00a0\u00bbcenter\u00a0\u00bb _builder_version=\u00a0\u00bb4.24.1&Prime; custom_button=\u00a0\u00bbon\u00a0\u00bb button_text_size=\u00a0\u00bb16px\u00a0\u00bb button_text_color=\u00a0\u00bb#ffffff\u00a0\u00bb button_bg_color=\u00a0\u00bb#353383&Prime; button_border_width=\u00a0\u00bb15px\u00a0\u00bb button_border_color=\u00a0\u00bbrgba(210,159,104,0)\u00a0\u00bb button_border_radius=\u00a0\u00bb100px\u00a0\u00bb button_letter_spacing=\u00a0\u00bb3px\u00a0\u00bb button_font=\u00a0\u00bbOswald|||on|||||\u00a0\u00bb button_use_icon=\u00a0\u00bboff\u00a0\u00bb background_layout=\u00a0\u00bbdark\u00a0\u00bb custom_margin=\u00a0\u00bb|||\u00a0\u00bb animation_style=\u00a0\u00bbfade\u00a0\u00bb hover_enabled=\u00a0\u00bb0&Prime; button_border_radius_hover=\u00a0\u00bb100px\u00a0\u00bb button_bg_color_hover=\u00a0\u00bb#cc8d66&Prime; locked=\u00a0\u00bboff\u00a0\u00bb global_colors_info=\u00a0\u00bb{}\u00a0\u00bb button_text_size__hover_enabled=\u00a0\u00bboff\u00a0\u00bb button_one_text_size__hover_enabled=\u00a0\u00bboff\u00a0\u00bb button_two_text_size__hover_enabled=\u00a0\u00bboff\u00a0\u00bb button_text_color__hover_enabled=\u00a0\u00bboff\u00a0\u00bb button_one_text_color__hover_enabled=\u00a0\u00bboff\u00a0\u00bb button_two_text_color__hover_enabled=\u00a0\u00bboff\u00a0\u00bb button_border_width__hover_enabled=\u00a0\u00bboff\u00a0\u00bb button_one_border_width__hover_enabled=\u00a0\u00bboff\u00a0\u00bb button_two_border_width__hover_enabled=\u00a0\u00bboff\u00a0\u00bb button_border_color__hover_enabled=\u00a0\u00bboff\u00a0\u00bb button_one_border_color__hover_enabled=\u00a0\u00bboff\u00a0\u00bb button_two_border_color__hover_enabled=\u00a0\u00bboff\u00a0\u00bb button_border_radius__hover_enabled=\u00a0\u00bbon\u00a0\u00bb button_border_radius__hover=\u00a0\u00bb100px\u00a0\u00bb button_one_border_radius__hover_enabled=\u00a0\u00bboff\u00a0\u00bb button_two_border_radius__hover_enabled=\u00a0\u00bboff\u00a0\u00bb button_letter_spacing__hover_enabled=\u00a0\u00bboff\u00a0\u00bb button_one_letter_spacing__hover_enabled=\u00a0\u00bboff\u00a0\u00bb button_two_letter_spacing__hover_enabled=\u00a0\u00bboff\u00a0\u00bb button_bg_color__hover_enabled=\u00a0\u00bbon\u00a0\u00bb button_bg_color__hover=\u00a0\u00bb#cc8d66&Prime; button_one_bg_color__hover_enabled=\u00a0\u00bboff\u00a0\u00bb button_two_bg_color__hover_enabled=\u00a0\u00bboff\u00a0\u00bb button_url=\u00a0\u00bbhttps:\/\/tally.so\/r\/woM0QM\u00a0\u00bb sticky_enabled=\u00a0\u00bb0&Prime;][\/et_pb_button][\/et_pb_column][et_pb_column type=\u00a0\u00bb1_5&Prime; _builder_version=\u00a0\u00bb4.24.1&Prime; _module_preset=\u00a0\u00bbdefault\u00a0\u00bb global_colors_info=\u00a0\u00bb{}\u00a0\u00bb][\/et_pb_column][\/et_pb_row][et_pb_row _builder_version=\u00a0\u00bb4.24.1&Prime; _module_preset=\u00a0\u00bbdefault\u00a0\u00bb global_colors_info=\u00a0\u00bb{}\u00a0\u00bb][et_pb_column type=\u00a0\u00bb4_4&Prime; _builder_version=\u00a0\u00bb4.24.1&Prime; _module_preset=\u00a0\u00bbdefault\u00a0\u00bb global_colors_info=\u00a0\u00bb{}\u00a0\u00bb][\/et_pb_column][\/et_pb_row][\/et_pb_section]<\/p>\n","protected":false},"excerpt":{"rendered":"<p>Rejoignez l&rsquo;OFCJ : Ensemble, tissons des liens durables entre la jeunesse fran\u00e7aise et cubaine pour un avenir commun riche en \u00e9changes et en solidarit\u00e9. &nbsp;S&rsquo;engager\u00a0 Qui sommes-nous ?\u00a0Notre volont\u00e9\u00a0 L&rsquo;Office Franco-Cubain pour la Jeunesse (OFCJ) est une association \u00e0 but non lucratif passionn\u00e9ment engag\u00e9e dans le renforcement des liens entre la France et Cuba, par [&hellip;]<\/p>\n","protected":false},"author":1,"featured_media":0,"parent":0,"menu_order":0,"comment_status":"closed","ping_status":"closed","template":"","meta":{"_et_pb_use_builder":"on","_et_pb_old_content":"","_et_gb_content_width":"","_monsterinsights_skip_tracking":false,"_monsterinsights_sitenote_active":false,"_monsterinsights_sitenote_note":"","_monsterinsights_sitenote_category":0,"footnotes":""},"aioseo_notices":[],"_links":{"self":[{"href":"https:\/\/ofcj.org\/index.php?rest_route=\/wp\/v2\/pages\/17"}],"collection":[{"href":"https:\/\/ofcj.org\/index.php?rest_route=\/wp\/v2\/pages"}],"about":[{"href":"https:\/\/ofcj.org\/index.php?rest_route=\/wp\/v2\/types\/page"}],"author":[{"embeddable":true,"href":"https:\/\/ofcj.org\/index.php?rest_route=\/wp\/v2\/users\/1"}],"replies":[{"embeddable":true,"href":"https:\/\/ofcj.org\/index.php?rest_route=%2Fwp%2Fv2%2Fcomments&post=17"}],"version-history":[{"count":14,"href":"https:\/\/ofcj.org\/index.php?rest_route=\/wp\/v2\/pages\/17\/revisions"}],"predecessor-version":[{"id":126,"href":"https:\/\/ofcj.org\/index.php?rest_route=\/wp\/v2\/pages\/17\/revisions\/126"}],"wp:attachment":[{"href":"https:\/\/ofcj.org\/index.php?rest_route=%2Fwp%2Fv2%2Fmedia&parent=17"}],"curies":[{"name":"wp","href":"https:\/\/api.w.org\/{rel}","templated":true}]}}